{"id":5943,"date":"2022-09-28T14:56:41","date_gmt":"2022-09-28T14:56:41","guid":{"rendered":"https:\/\/laby.es\/?page_id=5943"},"modified":"2026-02-02T19:09:52","modified_gmt":"2026-02-02T18:09:52","slug":"politica-de-redes-sociales","status":"publish","type":"page","link":"https:\/\/laby.es\/es\/politica-de-redes-sociales\/","title":{"rendered":"Pol\u00edtica de Redes Sociales"},"content":{"rendered":"\t\t<div data-elementor-type=\"wp-page\" data-elementor-id=\"5943\" class=\"elementor elementor-5943\" data-elementor-post-type=\"page\">\n\t\t\t\t\t\t<section class=\"elementor-section elementor-top-section elementor-element elementor-element-2bc0c75c elementor-section-boxed elementor-section-height-default elementor-section-height-default\" data-id=\"2bc0c75c\" data-element_type=\"section\" data-e-type=\"section\">\n\t\t\t\t\t\t<div class=\"elementor-container elementor-column-gap-default\">\n\t\t\t\t\t<div class=\"elementor-column elementor-col-100 elementor-top-column elementor-element elementor-element-28b4af31\" data-id=\"28b4af31\" data-element_type=\"column\" data-e-type=\"column\">\n\t\t\t<div class=\"elementor-widget-wrap elementor-element-populated\">\n\t\t\t\t\t\t<div class=\"elementor-element elementor-element-5ae14468 elementor-widget elementor-widget-text-editor\" data-id=\"5ae14468\" data-element_type=\"widget\" data-e-type=\"widget\" data-widget_type=\"text-editor.default\">\n\t\t\t\t\t\t\t\t\t<p>\u00a0<\/p><h1 class=\"wp-block-heading\">Pol\u00edtica de Redes Sociales<\/h1><p><strong>1. INFORMACI\u00d3N A LA PERSONA USUARIA<\/strong><\/p><p><br \/>\u00bfQui\u00e9n es el responsable del tratamiento de sus datos personales?<br \/>LABY APLICACIONES T\u00c9CNICAS, S.L. ser\u00e1 el responsable del tratamiento de los datos personales de aquellas<br \/>PERSONAS que han procedido a crear un perfil en cualquiera de sus redes sociales, y los mismos ser\u00e1n tratados<br \/>de conformidad con lo dispuesto en el Reglamento (UE) 2016\/679, de 27 de abril (GDPR), la Ley Org\u00e1nica<br \/>3\/2018, de 5 de diciembre (LOPDGDD), y la Ley de Servicios de la Sociedad de la Informaci\u00f3n y Comercio<br \/>Electr\u00f3nico (LSSI), facilitando la siguiente informaci\u00f3n del tratamiento:<\/p><p><strong>\u00bfPara qu\u00e9 tratamos sus datos personales?<\/strong>Finalidad del tratamiento: para mantener una relaci\u00f3n entre la PERSONA USUARIA y LABY APLICACIONES<br \/>T\u00c9CNICAS, S.L. (en adelante el RESPONSABLE) que puede incluir las siguientes operaciones:<br \/>Tramitar solicitudes y consultas planteadas al responsable<br \/>Informar sobre actividades y eventos organizados por el responsable<br \/>Informar sobre productos o servicios ofrecidos por el responsable<br \/>Interactuar a trav\u00e9s de los perfiles oficiales<br \/>Cuando el RESPONSABLE recopile y trate datos personales a trav\u00e9s de sus redes sociales, las PERSONAS<br \/>USUARIAS ser\u00e1n informadas sobre la finalidad de la recopilaci\u00f3n de datos, as\u00ed como sobre sus derechos en<br \/>relaci\u00f3n a sus datos personales. Los datos personales se utilizar\u00e1n \u00fanicamente para los fines indicados y se<br \/>mantendr\u00e1n de manera segura.<br \/>Base Jur\u00eddica del Tratamiento: el consentimiento expl\u00edcito otorgado por la PERSONA USUARIA para el<br \/>tratamiento de sus datos personales para uno o varios fines espec\u00edficos (art\u00edculo 6.1.a GDPR).<br \/>Por otro lado, la PERSONA USUARIA puede acceder en todo momento a las pol\u00edticas de privacidad de la propia<br \/>red social, as\u00ed como configurar su perfil para garantizar su privacidad.<\/p><p><br \/><strong>\u00bfDurante cu\u00e1nto tiempo guardaremos sus datos personales?<\/strong><br \/>Criterios de conservaci\u00f3n de los datos:se conservar\u00e1n mientras la PERSONA USUARIA no revoque el<br \/>consentimiento prestado tal y como se indica en esta pol\u00edtica de privacidad.<\/p><p><br \/><strong>\u00bfA qui\u00e9n facilitamos sus datos personales?<\/strong><br \/>Comunicaci\u00f3n de los datos: la informaci\u00f3n facilitada por la PERSONA USUARIA a trav\u00e9s de las redes sociales del<br \/>RESPONSABLE, incluidos sus datos personales, puede ser publicada, siempre en funci\u00f3n de los servicios que la<br \/>PERSONA USUARIA utilice, por lo que podr\u00e1 quedar a disposici\u00f3n p\u00fablica de otros terceros usuarios de las redes<br \/>sociales. Desde el perfil de cada red social, la PERSONA USUARIA puede configurar qu\u00e9 informaci\u00f3n quiere hacer<br \/>p\u00fablica en cada caso, ver los permisos que se han concedido, eliminarlos o desactivarlos, como cualquier<br \/>aplicaci\u00f3n de un tercero que ya no se desea utilizar.<br \/>No obstante, no est\u00e1 prevista ninguna comunicaci\u00f3n de datos personales a terceros fuera de la red social salvo,<br \/>si fuese imprescindible para el desarrollo y ejecuci\u00f3n de las finalidades del tratamiento, a nuestros proveedores<br \/>de servicios relacionados con comunicaciones, con los cuales el RESPONSABLE tiene suscritos los contratos de<br \/>confidencialidad y de encargado de tratamiento exigidos por la normativa vigente de privacidad.<\/p><p><br \/><strong>\u00bfCu\u00e1les son sus derechos?<\/strong><br \/>Derechos que asisten a la PERSONA USUARIA: solo podr\u00e1n satisfacerse en relaci\u00f3n a aquella informaci\u00f3n que se<br \/>encuentre bajo el control del RESPONSABLE.<br \/>Derecho a retirar el consentimiento en cualquier momento.<br \/>Derecho de acceso, rectificaci\u00f3n, portabilidad y supresi\u00f3n de sus datos, y de limitaci\u00f3n u oposici\u00f3n a su<br \/>tratamiento.<br \/>Derecho a presentar una reclamaci\u00f3n ante la autoridad de control (www.aepd.es) si considera que el<br \/>tratamiento no se ajusta a la normativa vigente.<br \/>Datos de contacto para ejercer sus derechos:<br \/>LABY APLICACIONES T\u00c9CNICAS, S.L. C\/ Roger 25, 25 Planta -1 (S\u00f3tano) &#8211; 08028 Barcelona (Barcelona). E-mail:<br \/>info@laby.es<\/p><p><br \/>La pol\u00edtica de privacidad completa se encuentra disponible en laby.es<\/p><p><br \/><strong>2. UTILIZACI\u00d3N DEL PERFIL<\/strong><br \/><strong>El RESPONSABLE<\/strong> realizar\u00e1 las siguientes actuaciones:<\/p><p><br \/>Acceso a la informaci\u00f3n p\u00fablica del perfil.<br \/>Publicaci\u00f3n en el perfil de la PERSONA USUARIA de toda aquella informaci\u00f3n ya publicada en la red social<br \/>del RESPONSABLE.<br \/>Enviar mensajes personales e individuales a trav\u00e9s de los canales de la red social.<br \/>Actualizaciones del estado de la p\u00e1gina que se publicar\u00e1n en el perfil de la PERSONA USUARIA.<br \/>La PERSONA USUARIA siempre puede controlar sus conexiones, eliminar los contenidos que dejen de interesarle<br \/>y restringir con qui\u00e9n comparte sus conexiones; para ello deber\u00e1 acceder a su configuraci\u00f3n donde encontrar\u00e1<br \/>diferentes posibilidades de configuraci\u00f3n en relaci\u00f3n al grado de privacidad del perfil de usuario en la red social.<\/p><p><br \/><strong>3. PUBLICACIONES<\/strong><br \/>El objeto de las redes sociales, es dar visibilidad y difusi\u00f3n a las actividades que desarrolla el RESPONSABLE. Estas<br \/>herramientas almacenan datos personales en los servidores de los servicios respectivos y se rigen por su propia<br \/>pol\u00edtica de privacidad.<br \/>La PERSONA USUARIA, una vez sea seguidora o se haya unido a la red social del RESPONSABLE, podr\u00e1 publicar en<br \/>la misma, comentarios, enlaces, im\u00e1genes, fotograf\u00edas o cualquier otro tipo de contenido multimedia soportado<br \/>por la misma. La PERSONA USUARIA en todos los casos, debe ser la titular del contenido publicado, gozar de los<br \/>derechos de autor y de propiedad intelectual o contar con el consentimiento de los terceros afectados.<br \/><br \/>Se proh\u00edbe expresamente cualquier publicaci\u00f3n en la red social, ya sean textos, gr\u00e1ficos, fotograf\u00edas, v\u00eddeos, etc.<br \/>que atenten o sean susceptibles de atentar contra la moral, la \u00e9tica, el buen gusto o el decoro, y\/o que infrinjan,<br \/>violen o quebranten los derechos de propiedad intelectual o industrial, el derecho a la imagen o la Ley. No se<br \/>tolerar\u00e1n comentarios o contenido ofensivo, difamatorio, ilegal o inapropiado en los perfiles de la empresa. La<br \/>Empresa se reserva el derecho de eliminar dichos comentarios o contenido y bloquear a los usuarios<br \/>responsables.<br \/>En estos casos, el RESPONSABLE se reserva el derecho a retirar de inmediato el contenido, sin comunicaci\u00f3n<br \/>previa, pudiendo solicitar el bloqueo permanente de la PERSONA USUARIA.<br \/>El RESPONSABLE no se har\u00e1 responsable de los contenidos que libremente ha publicado la PERSONA USUARIA.<br \/>La PERSONA USUARIA debe tener presente que sus publicaciones ser\u00e1n conocidas por otros usuarios, por lo que<br \/>\u00e9l mismo es el principal responsable de su privacidad.<br \/>Las im\u00e1genes que puedan publicarse en la red social no ser\u00e1n almacenadas en ning\u00fan fichero por parte del<br \/>RESPONSABLE, pero s\u00ed que permanecer\u00e1n en la red social.<\/p><p><br \/><strong>4. DATOS DE MENORES DE EDAD O PERSONAS CON CAPACIDADES ESPECIALES<\/strong><br \/>Se recomienda la revisi\u00f3n y la lectura de las condiciones de uso y pol\u00edtica de privacidad de cada red social en el<br \/>momento de registro, teniendo en cuenta los diferentes requisitos de edad para la realizaci\u00f3n del mismo.<br \/>Asimismo, el RESPONSABLE quedar\u00e1 expresamente exonerado de cualquier responsabilidad que pudiera<br \/>derivarse del uso de las redes sociales por parte de menores o personas con capacidades especiales y cuyo<br \/>acceso deber\u00eda realizarse bajo la supervisi\u00f3n y control de sus representantes legales.<br \/>El RESPONSABLE se reserva el derecho de modificar esta pol\u00edtica en cualquier momento. Los cambios ser\u00e1n<br \/>comunicados a trav\u00e9s de nuestros perfiles de redes sociales y\/o nuestro sitio web.<\/p><p>\u00a0<\/p>\t\t\t\t\t\t\t\t<\/div>\n\t\t\t\t\t<\/div>\n\t\t<\/div>\n\t\t\t\t\t<\/div>\n\t\t<\/section>\n\t\t\t\t<\/div>\n\t\t","protected":false},"excerpt":{"rendered":"<p>\u00a0 Pol\u00edtica de Redes Sociales 1. INFORMACI\u00d3N A LA PERSONA USUARIA \u00bfQui\u00e9n es el responsable del tratamiento de sus datos personales?LABY APLICACIONES T\u00c9CNICAS, S.L. ser\u00e1 el responsable del tratamiento de los datos personales de aquellasPERSONAS que han procedido a crear un perfil en cualquiera de sus redes sociales, y los mismos ser\u00e1n tratadosde conformidad con [&hellip;]<\/p>\n","protected":false},"author":6,"featured_media":0,"parent":0,"menu_order":0,"comment_status":"closed","ping_status":"closed","template":"","meta":{"footnotes":""},"categories":[],"tags":[],"class_list":["post-5943","page","type-page","status-publish","hentry"],"yoast_head":"<!-- This site is optimized with the Yoast SEO plugin v27.3 - https:\/\/yoast.com\/product\/yoast-seo-wordpress\/ -->\n<title>Pol\u00edtica de Redes Sociales - Laby<\/title>\n<meta name=\"robots\" content=\"noindex, nofollow\" \/>\n<meta property=\"og:locale\" content=\"es_ES\" \/>\n<meta property=\"og:type\" content=\"article\" \/>\n<meta property=\"og:title\" content=\"Pol\u00edtica de Redes Sociales - Laby\" \/>\n<meta property=\"og:description\" content=\"\u00a0 Pol\u00edtica de Redes Sociales 1. INFORMACI\u00d3N A LA PERSONA USUARIA \u00bfQui\u00e9n es el responsable del tratamiento de sus datos personales?LABY APLICACIONES T\u00c9CNICAS, S.L. ser\u00e1 el responsable del tratamiento de los datos personales de aquellasPERSONAS que han procedido a crear un perfil en cualquiera de sus redes sociales, y los mismos ser\u00e1n tratadosde conformidad con [&hellip;]\" \/>\n<meta property=\"og:url\" content=\"https:\/\/laby.es\/es\/politica-de-redes-sociales\/\" \/>\n<meta property=\"og:site_name\" content=\"Laby\" \/>\n<meta property=\"article:modified_time\" content=\"2026-02-02T18:09:52+00:00\" \/>\n<meta property=\"og:image\" content=\"https:\/\/laby.es\/wp-content\/uploads\/2022\/11\/laby_forever_data-scaled.jpg\" \/>\n\t<meta property=\"og:image:width\" content=\"2560\" \/>\n\t<meta property=\"og:image:height\" content=\"1152\" \/>\n\t<meta property=\"og:image:type\" content=\"image\/jpeg\" \/>\n<meta name=\"twitter:card\" content=\"summary_large_image\" \/>\n<meta name=\"twitter:label1\" content=\"Tiempo de lectura\" \/>\n\t<meta name=\"twitter:data1\" content=\"6 minutos\" \/>\n<script type=\"application\/ld+json\" class=\"yoast-schema-graph\">{\"@context\":\"https:\\\/\\\/schema.org\",\"@graph\":[{\"@type\":\"WebPage\",\"@id\":\"https:\\\/\\\/laby.es\\\/es\\\/politica-de-redes-sociales\\\/\",\"url\":\"https:\\\/\\\/laby.es\\\/es\\\/politica-de-redes-sociales\\\/\",\"name\":\"Pol\u00edtica de Redes Sociales - Laby\",\"isPartOf\":{\"@id\":\"https:\\\/\\\/laby.es\\\/es\\\/#website\"},\"datePublished\":\"2022-09-28T14:56:41+00:00\",\"dateModified\":\"2026-02-02T18:09:52+00:00\",\"breadcrumb\":{\"@id\":\"https:\\\/\\\/laby.es\\\/es\\\/politica-de-redes-sociales\\\/#breadcrumb\"},\"inLanguage\":\"es\",\"potentialAction\":[{\"@type\":\"ReadAction\",\"target\":[\"https:\\\/\\\/laby.es\\\/es\\\/politica-de-redes-sociales\\\/\"]}]},{\"@type\":\"BreadcrumbList\",\"@id\":\"https:\\\/\\\/laby.es\\\/es\\\/politica-de-redes-sociales\\\/#breadcrumb\",\"itemListElement\":[{\"@type\":\"ListItem\",\"position\":1,\"name\":\"Portada\",\"item\":\"https:\\\/\\\/laby.es\\\/es\\\/\"},{\"@type\":\"ListItem\",\"position\":2,\"name\":\"Pol\u00edtica de Redes Sociales\"}]},{\"@type\":\"WebSite\",\"@id\":\"https:\\\/\\\/laby.es\\\/es\\\/#website\",\"url\":\"https:\\\/\\\/laby.es\\\/es\\\/\",\"name\":\"Laby\",\"description\":\"Servicio de recuperaci\u00f3n de datos en Barcelona\",\"publisher\":{\"@id\":\"https:\\\/\\\/laby.es\\\/es\\\/#organization\"},\"potentialAction\":[{\"@type\":\"SearchAction\",\"target\":{\"@type\":\"EntryPoint\",\"urlTemplate\":\"https:\\\/\\\/laby.es\\\/es\\\/?s={search_term_string}\"},\"query-input\":{\"@type\":\"PropertyValueSpecification\",\"valueRequired\":true,\"valueName\":\"search_term_string\"}}],\"inLanguage\":\"es\"},{\"@type\":\"Organization\",\"@id\":\"https:\\\/\\\/laby.es\\\/es\\\/#organization\",\"name\":\"Laby\",\"url\":\"https:\\\/\\\/laby.es\\\/es\\\/\",\"logo\":{\"@type\":\"ImageObject\",\"inLanguage\":\"es\",\"@id\":\"https:\\\/\\\/laby.es\\\/es\\\/#\\\/schema\\\/logo\\\/image\\\/\",\"url\":\"https:\\\/\\\/laby.es\\\/wp-content\\\/uploads\\\/2022\\\/08\\\/logo-laby.png\",\"contentUrl\":\"https:\\\/\\\/laby.es\\\/wp-content\\\/uploads\\\/2022\\\/08\\\/logo-laby.png\",\"width\":150,\"height\":42,\"caption\":\"Laby\"},\"image\":{\"@id\":\"https:\\\/\\\/laby.es\\\/es\\\/#\\\/schema\\\/logo\\\/image\\\/\"}}]}<\/script>\n<!-- \/ Yoast SEO plugin. -->","yoast_head_json":{"title":"Pol\u00edtica de Redes Sociales - Laby","robots":{"index":"noindex","follow":"nofollow"},"og_locale":"es_ES","og_type":"article","og_title":"Pol\u00edtica de Redes Sociales - Laby","og_description":"\u00a0 Pol\u00edtica de Redes Sociales 1. INFORMACI\u00d3N A LA PERSONA USUARIA \u00bfQui\u00e9n es el responsable del tratamiento de sus datos personales?LABY APLICACIONES T\u00c9CNICAS, S.L. ser\u00e1 el responsable del tratamiento de los datos personales de aquellasPERSONAS que han procedido a crear un perfil en cualquiera de sus redes sociales, y los mismos ser\u00e1n tratadosde conformidad con [&hellip;]","og_url":"https:\/\/laby.es\/es\/politica-de-redes-sociales\/","og_site_name":"Laby","article_modified_time":"2026-02-02T18:09:52+00:00","og_image":[{"width":2560,"height":1152,"url":"https:\/\/laby.es\/wp-content\/uploads\/2022\/11\/laby_forever_data-scaled.jpg","type":"image\/jpeg"}],"twitter_card":"summary_large_image","twitter_misc":{"Tiempo de lectura":"6 minutos"},"schema":{"@context":"https:\/\/schema.org","@graph":[{"@type":"WebPage","@id":"https:\/\/laby.es\/es\/politica-de-redes-sociales\/","url":"https:\/\/laby.es\/es\/politica-de-redes-sociales\/","name":"Pol\u00edtica de Redes Sociales - Laby","isPartOf":{"@id":"https:\/\/laby.es\/es\/#website"},"datePublished":"2022-09-28T14:56:41+00:00","dateModified":"2026-02-02T18:09:52+00:00","breadcrumb":{"@id":"https:\/\/laby.es\/es\/politica-de-redes-sociales\/#breadcrumb"},"inLanguage":"es","potentialAction":[{"@type":"ReadAction","target":["https:\/\/laby.es\/es\/politica-de-redes-sociales\/"]}]},{"@type":"BreadcrumbList","@id":"https:\/\/laby.es\/es\/politica-de-redes-sociales\/#breadcrumb","itemListElement":[{"@type":"ListItem","position":1,"name":"Portada","item":"https:\/\/laby.es\/es\/"},{"@type":"ListItem","position":2,"name":"Pol\u00edtica de Redes Sociales"}]},{"@type":"WebSite","@id":"https:\/\/laby.es\/es\/#website","url":"https:\/\/laby.es\/es\/","name":"Laby","description":"Servicio de recuperaci\u00f3n de datos en Barcelona","publisher":{"@id":"https:\/\/laby.es\/es\/#organization"},"potentialAction":[{"@type":"SearchAction","target":{"@type":"EntryPoint","urlTemplate":"https:\/\/laby.es\/es\/?s={search_term_string}"},"query-input":{"@type":"PropertyValueSpecification","valueRequired":true,"valueName":"search_term_string"}}],"inLanguage":"es"},{"@type":"Organization","@id":"https:\/\/laby.es\/es\/#organization","name":"Laby","url":"https:\/\/laby.es\/es\/","logo":{"@type":"ImageObject","inLanguage":"es","@id":"https:\/\/laby.es\/es\/#\/schema\/logo\/image\/","url":"https:\/\/laby.es\/wp-content\/uploads\/2022\/08\/logo-laby.png","contentUrl":"https:\/\/laby.es\/wp-content\/uploads\/2022\/08\/logo-laby.png","width":150,"height":42,"caption":"Laby"},"image":{"@id":"https:\/\/laby.es\/es\/#\/schema\/logo\/image\/"}}]}},"_links":{"self":[{"href":"https:\/\/laby.es\/es\/wp-json\/wp\/v2\/pages\/5943","targetHints":{"allow":["GET"]}}],"collection":[{"href":"https:\/\/laby.es\/es\/wp-json\/wp\/v2\/pages"}],"about":[{"href":"https:\/\/laby.es\/es\/wp-json\/wp\/v2\/types\/page"}],"author":[{"embeddable":true,"href":"https:\/\/laby.es\/es\/wp-json\/wp\/v2\/users\/6"}],"replies":[{"embeddable":true,"href":"https:\/\/laby.es\/es\/wp-json\/wp\/v2\/comments?post=5943"}],"version-history":[{"count":6,"href":"https:\/\/laby.es\/es\/wp-json\/wp\/v2\/pages\/5943\/revisions"}],"predecessor-version":[{"id":21424,"href":"https:\/\/laby.es\/es\/wp-json\/wp\/v2\/pages\/5943\/revisions\/21424"}],"wp:attachment":[{"href":"https:\/\/laby.es\/es\/wp-json\/wp\/v2\/media?parent=5943"}],"wp:term":[{"taxonomy":"category","embeddable":true,"href":"https:\/\/laby.es\/es\/wp-json\/wp\/v2\/categories?post=5943"},{"taxonomy":"post_tag","embeddable":true,"href":"https:\/\/laby.es\/es\/wp-json\/wp\/v2\/tags?post=5943"}],"curies":[{"name":"wp","href":"https:\/\/api.w.org\/{rel}","templated":true}]}}